{"id":25,"date":"2026-01-16T21:44:00","date_gmt":"2026-01-16T21:44:00","guid":{"rendered":"https:\/\/www.garridoheinemann.com\/equipo\/"},"modified":"2026-04-09T23:09:08","modified_gmt":"2026-04-09T23:09:08","slug":"equipo","status":"publish","type":"page","link":"https:\/\/www.garridoheinemann.com\/nl\/equipo\/","title":{"rendered":"Equipo"},"content":{"rendered":"<div class=\"wp-block-group alignfull is-style-ext-preset--group--natural-1--section has-background-background-color has-background has-global-padding is-layout-constrained wp-block-group-is-layout-constrained\" id=\"acerca-de\" style=\"margin-top:0;margin-bottom:0;padding-top:var(--wp--preset--spacing--70);padding-bottom:var(--wp--preset--spacing--70)\">\n<div class=\"wp-block-columns alignwide are-vertically-aligned-center is-layout-flex wp-container-core-columns-is-layout-d96dcb9d wp-block-columns-is-layout-flex\">\n<div class=\"wp-block-column is-vertically-aligned-center is-layout-flow wp-block-column-is-layout-flow\">\n<figure class=\"wp-block-image is-style-ext-preset--image--natural-1--image-1--content-right is-style-ext-preset--image--natural-1--image-1--content-right--2\"><img loading=\"lazy\" decoding=\"async\" width=\"1440\" height=\"960\" src=\"https:\/\/www.garridoheinemann.com\/wp-content\/uploads\/2026\/01\/8853158a687300aba6c663bee6c204d0520169c3.jpg\" alt=\"\" class=\"wp-image-31\" style=\"aspect-ratio:1;object-fit:cover\" srcset=\"https:\/\/www.garridoheinemann.com\/wp-content\/uploads\/2026\/01\/8853158a687300aba6c663bee6c204d0520169c3.jpg 1440w, https:\/\/www.garridoheinemann.com\/wp-content\/uploads\/2026\/01\/8853158a687300aba6c663bee6c204d0520169c3-300x200.jpg 300w, https:\/\/www.garridoheinemann.com\/wp-content\/uploads\/2026\/01\/8853158a687300aba6c663bee6c204d0520169c3-1024x683.jpg 1024w, https:\/\/www.garridoheinemann.com\/wp-content\/uploads\/2026\/01\/8853158a687300aba6c663bee6c204d0520169c3-768x512.jpg 768w, https:\/\/www.garridoheinemann.com\/wp-content\/uploads\/2026\/01\/8853158a687300aba6c663bee6c204d0520169c3-18x12.jpg 18w\" sizes=\"auto, (max-width: 1440px) 100vw, 1440px\" \/><\/figure>\n<\/div>\n\n\n\n<div class=\"wp-block-column is-vertically-aligned-center is-layout-flow wp-block-column-is-layout-flow\">\n<div class=\"wp-block-group alignwide is-vertical is-layout-flex wp-container-core-group-is-layout-44903384 wp-block-group-is-layout-flex\">\n<div class=\"wp-block-group has-global-padding is-layout-constrained wp-container-core-group-is-layout-b77bde68 wp-block-group-is-layout-constrained\">\n<h2 class=\"wp-block-heading\">Soluciones arquitect\u00f3nicas elegantes y a medida<\/h2>\n\n\n\n<p class=\"wp-block-paragraph\">Nuestro compromiso es crear espacios \u00fanicos que reflejan principios s\u00f3lidos, adapt\u00e1ndonos siempre a las necesidades y recursos de cada cliente para garantizar proyectos exitosos y satisfactorios.<\/p>\n<\/div>\n<\/div>\n<\/div>\n<\/div>\n<\/div>\n\n\n\n<div class=\"wp-block-group alignfull is-style-ext-preset--group--natural-1--section has-tertiary-background-color has-background has-global-padding is-layout-constrained wp-container-core-group-is-layout-8870cb56 wp-block-group-is-layout-constrained\" id=\"equipo\" style=\"margin-top:0;margin-bottom:0;padding-top:var(--wp--preset--spacing--70);padding-bottom:var(--wp--preset--spacing--70)\">\n<div class=\"wp-block-group alignwide is-vertical is-layout-flex wp-container-core-group-is-layout-44903384 wp-block-group-is-layout-flex\">\n<div class=\"wp-block-group has-global-padding is-layout-constrained wp-container-core-group-is-layout-88c59732 wp-block-group-is-layout-constrained\">\n<h2 class=\"wp-block-heading\">Dise\u00f1o sofisticado con prop\u00f3sito en cada obra<\/h2>\n\n\n\n<p class=\"wp-block-paragraph\">Conozca al talentoso equipo que da vida a nuestras ideas arquitect\u00f3nicas.<\/p>\n<\/div>\n<\/div>\n\n\n\n<div class=\"wp-block-columns alignwide is-layout-flex wp-container-core-columns-is-layout-a30e3532 wp-block-columns-is-layout-flex\">\n<div class=\"wp-block-column is-vertically-aligned-stretch is-layout-flow wp-block-column-is-layout-flow\">\n<div class=\"wp-block-group is-style-ext-preset--group--natural-1--item-card-1--align-start has-global-padding is-layout-constrained wp-block-group-is-layout-constrained is-style-ext-preset--group--natural-1--item-card-1--align-start--4\">\n<figure class=\"wp-block-image size-large\"><img loading=\"lazy\" decoding=\"async\" width=\"796\" height=\"1024\" src=\"https:\/\/www.garridoheinemann.com\/wp-content\/uploads\/2026\/04\/WhatsApp-Image-2025-07-02-at-14.35.33-796x1024.jpeg\" alt=\"\" class=\"wp-image-91\" style=\"aspect-ratio:1;object-fit:cover\" srcset=\"https:\/\/www.garridoheinemann.com\/wp-content\/uploads\/2026\/04\/WhatsApp-Image-2025-07-02-at-14.35.33-796x1024.jpeg 796w, https:\/\/www.garridoheinemann.com\/wp-content\/uploads\/2026\/04\/WhatsApp-Image-2025-07-02-at-14.35.33-233x300.jpeg 233w, https:\/\/www.garridoheinemann.com\/wp-content\/uploads\/2026\/04\/WhatsApp-Image-2025-07-02-at-14.35.33-768x988.jpeg 768w, https:\/\/www.garridoheinemann.com\/wp-content\/uploads\/2026\/04\/WhatsApp-Image-2025-07-02-at-14.35.33-1194x1536.jpeg 1194w, https:\/\/www.garridoheinemann.com\/wp-content\/uploads\/2026\/04\/WhatsApp-Image-2025-07-02-at-14.35.33-9x12.jpeg 9w, https:\/\/www.garridoheinemann.com\/wp-content\/uploads\/2026\/04\/WhatsApp-Image-2025-07-02-at-14.35.33.jpeg 1244w\" sizes=\"auto, (max-width: 796px) 100vw, 796px\" \/><\/figure>\n\n\n\n<div class=\"wp-block-group is-style-default has-global-padding is-layout-constrained wp-block-group-is-layout-constrained\">\n<h3 class=\"wp-block-heading\" style=\"font-size:clamp(14px, 0.875rem + ((1vw - 3.2px) * 0.625), 20px);\">Elany Garrido<\/h3>\n\n\n\n<p class=\"wp-block-paragraph\" style=\"margin-top:0;margin-bottom:0;font-size:clamp(14px, 0.875rem + ((1vw - 3.2px) * 0.417), 18px);\">Arquitecta Principal<\/p>\n\n\n\n<p class=\"wp-block-paragraph\">Cuenta con una s\u00f3lida trayectoria en proyectos y direcci\u00f3n creativa.<\/p>\n<\/div>\n<\/div>\n<\/div>\n\n\n\n<div class=\"wp-block-column is-vertically-aligned-stretch is-layout-flow wp-block-column-is-layout-flow\">\n<div class=\"wp-block-group is-style-ext-preset--group--natural-1--item-card-1--align-start has-global-padding is-layout-constrained wp-block-group-is-layout-constrained is-style-ext-preset--group--natural-1--item-card-1--align-start--5\">\n<figure class=\"wp-block-image size-large\"><img loading=\"lazy\" decoding=\"async\" width=\"1024\" height=\"1024\" src=\"https:\/\/www.garridoheinemann.com\/wp-content\/uploads\/2026\/04\/WhatsApp-Image-2026-04-09-at-4.16.26-PM-edited-1024x1024.jpeg\" alt=\"\" class=\"wp-image-96\" style=\"aspect-ratio:1;object-fit:cover\" srcset=\"https:\/\/www.garridoheinemann.com\/wp-content\/uploads\/2026\/04\/WhatsApp-Image-2026-04-09-at-4.16.26-PM-edited-1024x1024.jpeg 1024w, https:\/\/www.garridoheinemann.com\/wp-content\/uploads\/2026\/04\/WhatsApp-Image-2026-04-09-at-4.16.26-PM-edited-300x300.jpeg 300w, https:\/\/www.garridoheinemann.com\/wp-content\/uploads\/2026\/04\/WhatsApp-Image-2026-04-09-at-4.16.26-PM-edited-150x150.jpeg 150w, https:\/\/www.garridoheinemann.com\/wp-content\/uploads\/2026\/04\/WhatsApp-Image-2026-04-09-at-4.16.26-PM-edited-768x767.jpeg 768w, https:\/\/www.garridoheinemann.com\/wp-content\/uploads\/2026\/04\/WhatsApp-Image-2026-04-09-at-4.16.26-PM-edited-12x12.jpeg 12w, https:\/\/www.garridoheinemann.com\/wp-content\/uploads\/2026\/04\/WhatsApp-Image-2026-04-09-at-4.16.26-PM-edited.jpeg 1461w\" sizes=\"auto, (max-width: 1024px) 100vw, 1024px\" \/><\/figure>\n\n\n\n<div class=\"wp-block-group is-style-default has-global-padding is-layout-constrained wp-block-group-is-layout-constrained\">\n<h3 class=\"wp-block-heading\" style=\"font-size:clamp(14px, 0.875rem + ((1vw - 3.2px) * 0.625), 20px);\">Allan Heinemann<\/h3>\n\n\n\n<p class=\"wp-block-paragraph\" style=\"margin-top:0;margin-bottom:0;font-size:clamp(14px, 0.875rem + ((1vw - 3.2px) * 0.417), 18px);\">Director de Proyectos<\/p>\n\n\n\n<p class=\"wp-block-paragraph\">Destaca por su enfoque innovador y su capacidad para optimizar recursos.<\/p>\n<\/div>\n<\/div>\n<\/div>\n\n\n\n<div class=\"wp-block-column is-vertically-aligned-stretch is-layout-flow wp-block-column-is-layout-flow\">\n<div class=\"wp-block-group is-style-ext-preset--group--natural-1--item-card-1--align-start has-global-padding is-layout-constrained wp-block-group-is-layout-constrained is-style-ext-preset--group--natural-1--item-card-1--align-start--6\"><\/div>\n<\/div>\n<\/div>\n<\/div>\n\n\n\n<div class=\"wp-block-group alignfull is-style-ext-preset--group--natural-1--section has-background-background-color has-background has-global-padding is-layout-constrained wp-container-core-group-is-layout-8870cb56 wp-block-group-is-layout-constrained\" style=\"margin-top:0;margin-bottom:0;padding-top:var(--wp--preset--spacing--70);padding-bottom:var(--wp--preset--spacing--70)\">\n<div class=\"wp-block-group alignwide is-vertical is-content-justification-center is-layout-flex wp-container-core-group-is-layout-3e7f8a93 wp-block-group-is-layout-flex\">\n<div class=\"wp-block-group has-global-padding is-layout-constrained wp-container-core-group-is-layout-b3f92340 wp-block-group-is-layout-constrained\">\n<h2 class=\"wp-block-heading has-text-align-center\">Asesor\u00eda integral desde el concepto inicial<\/h2>\n\n\n\n<p class=\"has-text-align-center wp-block-paragraph\">Esta secci\u00f3n presenta datos clave, mostrando indicadores de \u00e9xito y avances relevantes.<\/p>\n<\/div>\n<\/div>\n\n\n\n<div class=\"wp-block-columns alignwide is-layout-flex wp-container-core-columns-is-layout-a30e3532 wp-block-columns-is-layout-flex\">\n<div class=\"wp-block-column is-vertically-aligned-stretch is-layout-flow wp-container-core-column-is-layout-ac3d6d5c wp-block-column-is-layout-flow\">\n<div class=\"wp-block-group is-style-ext-preset--group--natural-1--item-card-1--align-center has-global-padding is-layout-constrained wp-block-group-is-layout-constrained is-style-ext-preset--group--natural-1--item-card-1--align-center--8\">\n<div class=\"wp-block-group is-style-default has-global-padding is-layout-constrained wp-block-group-is-layout-constrained\">\n<h3 class=\"wp-block-heading has-primary-color has-text-color has-link-color has-x-large-font-size wp-elements-1\">130<\/h3>\n\n\n\n<h3 class=\"wp-block-heading\">Proyectos Completados<\/h3>\n\n\n\n<p class=\"wp-block-paragraph\">N\u00famero total de obras dise\u00f1adas con atenci\u00f3n personalizada y calidad garantizada.<\/p>\n<\/div>\n<\/div>\n<\/div>\n\n\n\n<div class=\"wp-block-column is-vertically-aligned-stretch is-layout-flow wp-container-core-column-is-layout-ac3d6d5c wp-block-column-is-layout-flow\">\n<div class=\"wp-block-group is-style-ext-preset--group--natural-1--item-card-1--align-center has-global-padding is-layout-constrained wp-block-group-is-layout-constrained is-style-ext-preset--group--natural-1--item-card-1--align-center--9\">\n<div class=\"wp-block-group is-style-default has-global-padding is-layout-constrained wp-block-group-is-layout-constrained\">\n<h3 class=\"wp-block-heading has-primary-color has-text-color has-link-color has-x-large-font-size wp-elements-2\">250<\/h3>\n\n\n\n<h3 class=\"wp-block-heading\">Clientes Satisfechos<\/h3>\n\n\n\n<p class=\"wp-block-paragraph\">Cantidad de clientes a quienes se les brind\u00f3 soluciones arquitect\u00f3nicas a medida.<\/p>\n<\/div>\n<\/div>\n<\/div>\n\n\n\n<div class=\"wp-block-column is-vertically-aligned-stretch is-layout-flow wp-container-core-column-is-layout-ac3d6d5c wp-block-column-is-layout-flow\">\n<div class=\"wp-block-group is-style-ext-preset--group--natural-1--item-card-1--align-center has-global-padding is-layout-constrained wp-block-group-is-layout-constrained is-style-ext-preset--group--natural-1--item-card-1--align-center--10\">\n<div class=\"wp-block-group is-style-default has-global-padding is-layout-constrained wp-block-group-is-layout-constrained\">\n<h3 class=\"wp-block-heading has-primary-color has-text-color has-link-color has-x-large-font-size wp-elements-3\">350<\/h3>\n\n\n\n<h3 class=\"wp-block-heading\">Pa\u00edses Atendidos<\/h3>\n\n\n\n<p class=\"wp-block-paragraph\">Alcance internacional con proyectos realizados en distintas regiones y culturas.<\/p>\n<\/div>\n<\/div>\n<\/div>\n<\/div>\n<\/div>","protected":false},"excerpt":{"rendered":"<p>Soluciones arquitect\u00f3nicas elegantes y a medida Nuestro compromiso es crear espacios \u00fanicos que reflejan principios s\u00f3lidos, adapt\u00e1ndonos siempre a las necesidades y recursos de cada cliente para garantizar proyectos exitosos y satisfactorios. Dise\u00f1o sofisticado con prop\u00f3sito en cada obra Conozca al talentoso equipo que da vida a nuestras ideas arquitect\u00f3nicas. Elany Garrido Arquitecta Principal Cuenta [&hellip;]<\/p>\n","protected":false},"author":1,"featured_media":0,"parent":0,"menu_order":0,"comment_status":"closed","ping_status":"closed","template":"page-with-title","meta":{"footnotes":""},"class_list":["post-25","page","type-page","status-publish","hentry"],"aioseo_notices":[],"aioseo_head":"\n\t\t<!-- All in One SEO 5.0.1.1 - aioseo.com -->\n\t<meta name=\"description\" content=\"Soluciones arquitect\u00f3nicas elegantes y a medida Nuestro compromiso es crear espacios \u00fanicos que reflejan principios s\u00f3lidos, adapt\u00e1ndonos siempre a las necesidades y recursos de cada cliente para garantizar proyectos exitosos y satisfactorios. Dise\u00f1o sofisticado con prop\u00f3sito en cada obra Conozca al talentoso equipo que da vida a nuestras ideas arquitect\u00f3nicas. Elany Garrido Arquitecta Principal Cuenta\" \/>\n\t<meta name=\"robots\" content=\"max-image-preview:large\" \/>\n\t<link rel=\"canonical\" href=\"https:\/\/www.garridoheinemann.com\/nl\/equipo\/\" \/>\n\t<meta name=\"generator\" content=\"All in One SEO (AIOSEO) 5.0.1.1\" \/>\n\t\t<meta property=\"og:locale\" content=\"nl_NL\" \/>\n\t\t<meta property=\"og:site_name\" content=\"GARRIDO HEINEMANN ARQUITECTOS -\" \/>\n\t\t<meta property=\"og:type\" content=\"article\" \/>\n\t\t<meta property=\"og:title\" content=\"Equipo - GARRIDO HEINEMANN ARQUITECTOS\" \/>\n\t\t<meta property=\"og:description\" content=\"Soluciones arquitect\u00f3nicas elegantes y a medida Nuestro compromiso es crear espacios \u00fanicos que reflejan principios s\u00f3lidos, adapt\u00e1ndonos siempre a las necesidades y recursos de cada cliente para garantizar proyectos exitosos y satisfactorios. Dise\u00f1o sofisticado con prop\u00f3sito en cada obra Conozca al talentoso equipo que da vida a nuestras ideas arquitect\u00f3nicas. Elany Garrido Arquitecta Principal Cuenta\" \/>\n\t\t<meta property=\"og:url\" content=\"https:\/\/www.garridoheinemann.com\/nl\/equipo\/\" \/>\n\t\t<meta property=\"article:published_time\" content=\"2026-01-16T21:44:00+00:00\" \/>\n\t\t<meta property=\"article:modified_time\" content=\"2026-04-09T23:09:08+00:00\" \/>\n\t\t<meta name=\"twitter:card\" content=\"summary_large_image\" \/>\n\t\t<meta name=\"twitter:title\" content=\"Equipo - GARRIDO HEINEMANN ARQUITECTOS\" \/>\n\t\t<meta name=\"twitter:description\" content=\"Soluciones arquitect\u00f3nicas elegantes y a medida Nuestro compromiso es crear espacios \u00fanicos que reflejan principios s\u00f3lidos, adapt\u00e1ndonos siempre a las necesidades y recursos de cada cliente para garantizar proyectos exitosos y satisfactorios. Dise\u00f1o sofisticado con prop\u00f3sito en cada obra Conozca al talentoso equipo que da vida a nuestras ideas arquitect\u00f3nicas. Elany Garrido Arquitecta Principal Cuenta\" \/>\n\t\t<script type=\"application\/ld+json\" class=\"aioseo-schema\">\n\t\t\t{\"@context\":\"https:\\\/\\\/schema.org\",\"@graph\":[{\"@type\":\"BreadcrumbList\",\"@id\":\"https:\\\/\\\/www.garridoheinemann.com\\\/nl\\\/equipo\\\/#breadcrumblist\",\"itemListElement\":[{\"@type\":\"ListItem\",\"@id\":\"https:\\\/\\\/www.garridoheinemann.com\\\/nl#listItem\",\"position\":1,\"name\":\"Home\",\"item\":\"https:\\\/\\\/www.garridoheinemann.com\\\/nl\",\"nextItem\":{\"@type\":\"ListItem\",\"@id\":\"https:\\\/\\\/www.garridoheinemann.com\\\/nl\\\/equipo\\\/#listItem\",\"name\":\"Equipo\"}},{\"@type\":\"ListItem\",\"@id\":\"https:\\\/\\\/www.garridoheinemann.com\\\/nl\\\/equipo\\\/#listItem\",\"position\":2,\"name\":\"Equipo\",\"previousItem\":{\"@type\":\"ListItem\",\"@id\":\"https:\\\/\\\/www.garridoheinemann.com\\\/nl#listItem\",\"name\":\"Home\"}}]},{\"@type\":\"Organization\",\"@id\":\"https:\\\/\\\/www.garridoheinemann.com\\\/nl\\\/#organization\",\"name\":\"GARRIDO HEINEMANN ARQUITECTOS\",\"url\":\"https:\\\/\\\/www.garridoheinemann.com\\\/nl\\\/\"},{\"@type\":\"WebPage\",\"@id\":\"https:\\\/\\\/www.garridoheinemann.com\\\/nl\\\/equipo\\\/#webpage\",\"url\":\"https:\\\/\\\/www.garridoheinemann.com\\\/nl\\\/equipo\\\/\",\"name\":\"Equipo - GARRIDO HEINEMANN ARQUITECTOS\",\"description\":\"Soluciones arquitect\\u00f3nicas elegantes y a medida Nuestro compromiso es crear espacios \\u00fanicos que reflejan principios s\\u00f3lidos, adapt\\u00e1ndonos siempre a las necesidades y recursos de cada cliente para garantizar proyectos exitosos y satisfactorios. Dise\\u00f1o sofisticado con prop\\u00f3sito en cada obra Conozca al talentoso equipo que da vida a nuestras ideas arquitect\\u00f3nicas. Elany Garrido Arquitecta Principal Cuenta\",\"inLanguage\":\"nl-NL\",\"isPartOf\":{\"@id\":\"https:\\\/\\\/www.garridoheinemann.com\\\/nl\\\/#website\"},\"breadcrumb\":{\"@id\":\"https:\\\/\\\/www.garridoheinemann.com\\\/nl\\\/equipo\\\/#breadcrumblist\"},\"datePublished\":\"2026-01-16T21:44:00+00:00\",\"dateModified\":\"2026-04-09T23:09:08+00:00\"},{\"@type\":\"WebSite\",\"@id\":\"https:\\\/\\\/www.garridoheinemann.com\\\/nl\\\/#website\",\"url\":\"https:\\\/\\\/www.garridoheinemann.com\\\/nl\\\/\",\"name\":\"GARRIDO HEINEMANN ARQUITECTOS\",\"inLanguage\":\"nl-NL\",\"publisher\":{\"@id\":\"https:\\\/\\\/www.garridoheinemann.com\\\/nl\\\/#organization\"}}]}\n\t\t<\/script>\n\t\t<!-- All in One SEO -->\n\n","aioseo_head_json":{"title":"Equipo - GARRIDO HEINEMANN ARQUITECTOS","description":"Soluciones arquitect\u00f3nicas elegantes y a medida Nuestro compromiso es crear espacios \u00fanicos que reflejan principios s\u00f3lidos, adapt\u00e1ndonos siempre a las necesidades y recursos de cada cliente para garantizar proyectos exitosos y satisfactorios. Dise\u00f1o sofisticado con prop\u00f3sito en cada obra Conozca al talentoso equipo que da vida a nuestras ideas arquitect\u00f3nicas. Elany Garrido Arquitecta Principal Cuenta","canonical_url":"https:\/\/www.garridoheinemann.com\/nl\/equipo\/","robots":"max-image-preview:large","keywords":"","webmasterTools":{"miscellaneous":""},"schema":{"@context":"https:\/\/schema.org","@graph":[{"@type":"BreadcrumbList","@id":"https:\/\/www.garridoheinemann.com\/nl\/equipo\/#breadcrumblist","itemListElement":[{"@type":"ListItem","@id":"https:\/\/www.garridoheinemann.com\/nl#listItem","position":1,"name":"Home","item":"https:\/\/www.garridoheinemann.com\/nl","nextItem":{"@type":"ListItem","@id":"https:\/\/www.garridoheinemann.com\/nl\/equipo\/#listItem","name":"Equipo"}},{"@type":"ListItem","@id":"https:\/\/www.garridoheinemann.com\/nl\/equipo\/#listItem","position":2,"name":"Equipo","previousItem":{"@type":"ListItem","@id":"https:\/\/www.garridoheinemann.com\/nl#listItem","name":"Home"}}]},{"@type":"Organization","@id":"https:\/\/www.garridoheinemann.com\/nl\/#organization","name":"GARRIDO HEINEMANN ARQUITECTOS","url":"https:\/\/www.garridoheinemann.com\/nl\/"},{"@type":"WebPage","@id":"https:\/\/www.garridoheinemann.com\/nl\/equipo\/#webpage","url":"https:\/\/www.garridoheinemann.com\/nl\/equipo\/","name":"Equipo - GARRIDO HEINEMANN ARQUITECTOS","description":"Soluciones arquitect\u00f3nicas elegantes y a medida Nuestro compromiso es crear espacios \u00fanicos que reflejan principios s\u00f3lidos, adapt\u00e1ndonos siempre a las necesidades y recursos de cada cliente para garantizar proyectos exitosos y satisfactorios. Dise\u00f1o sofisticado con prop\u00f3sito en cada obra Conozca al talentoso equipo que da vida a nuestras ideas arquitect\u00f3nicas. Elany Garrido Arquitecta Principal Cuenta","inLanguage":"nl-NL","isPartOf":{"@id":"https:\/\/www.garridoheinemann.com\/nl\/#website"},"breadcrumb":{"@id":"https:\/\/www.garridoheinemann.com\/nl\/equipo\/#breadcrumblist"},"datePublished":"2026-01-16T21:44:00+00:00","dateModified":"2026-04-09T23:09:08+00:00"},{"@type":"WebSite","@id":"https:\/\/www.garridoheinemann.com\/nl\/#website","url":"https:\/\/www.garridoheinemann.com\/nl\/","name":"GARRIDO HEINEMANN ARQUITECTOS","inLanguage":"nl-NL","publisher":{"@id":"https:\/\/www.garridoheinemann.com\/nl\/#organization"}}]},"og:locale":"nl_NL","og:site_name":"GARRIDO HEINEMANN ARQUITECTOS -","og:type":"article","og:title":"Equipo - GARRIDO HEINEMANN ARQUITECTOS","og:description":"Soluciones arquitect\u00f3nicas elegantes y a medida Nuestro compromiso es crear espacios \u00fanicos que reflejan principios s\u00f3lidos, adapt\u00e1ndonos siempre a las necesidades y recursos de cada cliente para garantizar proyectos exitosos y satisfactorios. Dise\u00f1o sofisticado con prop\u00f3sito en cada obra Conozca al talentoso equipo que da vida a nuestras ideas arquitect\u00f3nicas. Elany Garrido Arquitecta Principal Cuenta","og:url":"https:\/\/www.garridoheinemann.com\/nl\/equipo\/","article:published_time":"2026-01-16T21:44:00+00:00","article:modified_time":"2026-04-09T23:09:08+00:00","twitter:card":"summary_large_image","twitter:title":"Equipo - GARRIDO HEINEMANN ARQUITECTOS","twitter:description":"Soluciones arquitect\u00f3nicas elegantes y a medida Nuestro compromiso es crear espacios \u00fanicos que reflejan principios s\u00f3lidos, adapt\u00e1ndonos siempre a las necesidades y recursos de cada cliente para garantizar proyectos exitosos y satisfactorios. Dise\u00f1o sofisticado con prop\u00f3sito en cada obra Conozca al talentoso equipo que da vida a nuestras ideas arquitect\u00f3nicas. Elany Garrido Arquitecta Principal Cuenta"},"aioseo_meta_data":{"post_id":"25","title":null,"description":null,"keywords":null,"keyphrases":{"focus":{"keyphrase":"","score":0,"analysis":{"keyphraseInTitle":{"score":0,"maxScore":9,"error":1}}},"additional":[]},"primary_term":null,"canonical_url":null,"og_title":null,"og_description":null,"og_object_type":"default","og_image_type":"default","og_image_url":null,"og_image_width":null,"og_image_height":null,"og_image_custom_url":null,"og_image_custom_fields":null,"og_video":"","og_custom_url":null,"og_article_section":null,"og_article_tags":null,"twitter_use_og":false,"twitter_card":"default","twitter_image_type":"default","twitter_image_url":null,"twitter_image_custom_url":null,"twitter_image_custom_fields":null,"twitter_title":null,"twitter_description":null,"schema":{"blockGraphs":[],"customGraphs":[],"default":{"data":{"Article":[],"Course":[],"Dataset":[],"FAQPage":[],"Movie":[],"Person":[],"Product":[],"ProductReview":[],"Car":[],"Recipe":[],"Service":[],"SoftwareApplication":[],"WebPage":[]},"graphName":"WebPage","isEnabled":true},"graphs":[]},"schema_type":"default","schema_type_options":null,"pillar_content":false,"robots_default":true,"robots_noindex":false,"robots_noarchive":false,"robots_nosnippet":false,"robots_nofollow":false,"robots_noimageindex":false,"robots_noodp":false,"robots_notranslate":false,"robots_max_snippet":"-1","robots_max_videopreview":"-1","robots_max_imagepreview":"large","priority":null,"frequency":"default","local_seo":null,"breadcrumb_settings":null,"limit_modified_date":false,"ai":{"faqs":[],"keyPoints":[],"titles":[],"descriptions":[],"socialPosts":{"email":[],"linkedin":[],"twitter":[],"facebook":[],"instagram":[]}},"created":"2026-01-16 22:01:47","updated":"2026-04-10 00:52:48","seo_analyzer_scan_date":null,"focus_keyword":null,"additional_keywords":null,"truseo_locale":null},"aioseo_breadcrumb":"<div class=\"aioseo-breadcrumbs\"><span class=\"aioseo-breadcrumb\">\n\t\t\t<a href=\"https:\/\/www.garridoheinemann.com\/nl\" title=\"Home\">Home<\/a>\n\t\t<\/span><span class=\"aioseo-breadcrumb-separator\">&raquo;<\/span><span class=\"aioseo-breadcrumb\">\n\t\t\tEquipo\n\t\t<\/span><\/div>","aioseo_breadcrumb_json":[{"label":"Home","link":"https:\/\/www.garridoheinemann.com\/nl"},{"label":"Equipo","link":"https:\/\/www.garridoheinemann.com\/nl\/equipo\/"}],"_links":{"self":[{"href":"https:\/\/www.garridoheinemann.com\/nl\/wp-json\/wp\/v2\/pages\/25","targetHints":{"allow":["GET"]}}],"collection":[{"href":"https:\/\/www.garridoheinemann.com\/nl\/wp-json\/wp\/v2\/pages"}],"about":[{"href":"https:\/\/www.garridoheinemann.com\/nl\/wp-json\/wp\/v2\/types\/page"}],"author":[{"embeddable":true,"href":"https:\/\/www.garridoheinemann.com\/nl\/wp-json\/wp\/v2\/users\/1"}],"replies":[{"embeddable":true,"href":"https:\/\/www.garridoheinemann.com\/nl\/wp-json\/wp\/v2\/comments?post=25"}],"version-history":[{"count":3,"href":"https:\/\/www.garridoheinemann.com\/nl\/wp-json\/wp\/v2\/pages\/25\/revisions"}],"predecessor-version":[{"id":100,"href":"https:\/\/www.garridoheinemann.com\/nl\/wp-json\/wp\/v2\/pages\/25\/revisions\/100"}],"wp:attachment":[{"href":"https:\/\/www.garridoheinemann.com\/nl\/wp-json\/wp\/v2\/media?parent=25"}],"curies":[{"name":"wp","href":"https:\/\/api.w.org\/{rel}","templated":true}]}}